{"id":2372,"date":"2023-05-10T17:08:31","date_gmt":"2023-05-10T17:08:31","guid":{"rendered":"https:\/\/fincaduernas.com\/?page_id=2372"},"modified":"2024-02-23T10:23:44","modified_gmt":"2024-02-23T10:23:44","slug":"duernas-origen","status":"publish","type":"page","link":"https:\/\/fincaduernas.com\/en\/duernas-origen","title":{"rendered":"Duernas Origen"},"content":{"rendered":"<div data-elementor-type=\"wp-page\" data-elementor-id=\"2372\" class=\"elementor elementor-2372\" data-elementor-post-type=\"page\">\n\t\t\t\t<div class=\"elementor-element elementor-element-30fa0f1a e-con-full e-flex e-con e-parent\" data-id=\"30fa0f1a\" data-element_type=\"container\" data-e-type=\"container\" data-settings=\"{&quot;background_background&quot;:&quot;classic&quot;,&quot;background_motion_fx_motion_fx_scrolling&quot;:&quot;yes&quot;,&quot;background_motion_fx_translateY_effect&quot;:&quot;yes&quot;,&quot;background_motion_fx_translateY_speed&quot;:{&quot;unit&quot;:&quot;px&quot;,&quot;size&quot;:4,&quot;sizes&quot;:[]},&quot;background_motion_fx_translateY_affectedRange&quot;:{&quot;unit&quot;:&quot;%&quot;,&quot;size&quot;:&quot;&quot;,&quot;sizes&quot;:{&quot;start&quot;:0,&quot;end&quot;:100}},&quot;background_motion_fx_devices&quot;:[&quot;desktop&quot;,&quot;tablet&quot;,&quot;mobile&quot;]}\">\n\t\t\t\t<div class=\"elementor-element elementor-element-58158f08 elementor-invisible elementor-widget elementor-widget-image\" data-id=\"58158f08\" data-element_type=\"widget\" data-e-type=\"widget\" data-settings=\"{&quot;_animation&quot;:&quot;fadeIn&quot;}\" data-widget_type=\"image.default\">\n\t\t\t\t<div class=\"elementor-widget-container\">\n\t\t\t\t\t\t\t\t\t\t\t\t\t\t\t<img decoding=\"async\" width=\"63\" height=\"46\" src=\"https:\/\/fincaduernas.com\/wp-content\/uploads\/2021\/03\/oliva-adorno.png\" class=\"attachment-large size-large wp-image-1581\" alt=\"\" \/>\t\t\t\t\t\t\t\t\t\t\t\t\t\t\t<\/div>\n\t\t\t\t<\/div>\n\t\t\t\t<div class=\"elementor-element elementor-element-5c84dbff elementor-widget elementor-widget-image\" data-id=\"5c84dbff\" data-element_type=\"widget\" data-e-type=\"widget\" data-widget_type=\"image.default\">\n\t\t\t\t<div class=\"elementor-widget-container\">\n\t\t\t\t\t\t\t\t\t\t\t\t\t\t\t<img decoding=\"async\" width=\"134\" height=\"70\" src=\"https:\/\/fincaduernas.com\/wp-content\/uploads\/2023\/04\/duernas-origen-n.svg\" class=\"attachment-large size-large wp-image-2103\" alt=\"\" \/>\t\t\t\t\t\t\t\t\t\t\t\t\t\t\t<\/div>\n\t\t\t\t<\/div>\n\t\t\t\t<div class=\"elementor-element elementor-element-d3c34bc elementor-widget elementor-widget-text-editor\" data-id=\"d3c34bc\" data-element_type=\"widget\" data-e-type=\"widget\" data-widget_type=\"text-editor.default\">\n\t\t\t\t<div class=\"elementor-widget-container\">\n\t\t\t\t\t\t\t\t\t<p>At Finca Duernas we are celebrating our\nmillenary culture, which is a myriad of different\nvillages, with the creation of Duernas origen:\nproducts delivered to us by the land and which\nhave been at the root of our gastronomy\nthroughout our history. Delicacies which\ntantalise our palate, whilst nurturing our body.<\/p><p>is range we offer you- straight from the finca\nto your table- is the reward we reap for our\nprofound respect for the land and our culture:\nextra virgin olive oil, nuts, salt and honey in\ntheir purest forms; at their origin.<\/p>\t\t\t\t\t\t\t\t<\/div>\n\t\t\t\t<\/div>\n\t\t<div class=\"elementor-element elementor-element-82d9984 e-con-full e-flex e-con e-child\" data-id=\"82d9984\" data-element_type=\"container\" data-e-type=\"container\" data-settings=\"{&quot;background_background&quot;:&quot;classic&quot;}\">\n\t\t<div class=\"elementor-element elementor-element-44b17b32 e-flex e-con-boxed e-con e-child\" data-id=\"44b17b32\" data-element_type=\"container\" data-e-type=\"container\">\n\t\t\t\t\t<div class=\"e-con-inner\">\n\t\t<div class=\"elementor-element elementor-element-63b7e1d9 e-con-full e-flex e-con e-child\" data-id=\"63b7e1d9\" data-element_type=\"container\" data-e-type=\"container\">\n\t\t\t\t<div class=\"elementor-element elementor-element-4a8b5620 elementor-widget__width-initial elementor-invisible elementor-widget elementor-widget-image\" data-id=\"4a8b5620\" data-element_type=\"widget\" data-e-type=\"widget\" data-settings=\"{&quot;_animation&quot;:&quot;fadeInUp&quot;}\" data-widget_type=\"image.default\">\n\t\t\t\t<div class=\"elementor-widget-container\">\n\t\t\t\t\t\t\t\t\t\t\t\t\t\t\t<img fetchpriority=\"high\" decoding=\"async\" width=\"1500\" height=\"1500\" src=\"https:\/\/fincaduernas.com\/wp-content\/uploads\/2023\/04\/duernas-origen-sin-filtrar.webp\" class=\"attachment-full size-full wp-image-2104\" alt=\"\" srcset=\"https:\/\/fincaduernas.com\/wp-content\/uploads\/2023\/04\/duernas-origen-sin-filtrar.webp 1500w, https:\/\/fincaduernas.com\/wp-content\/uploads\/2023\/04\/duernas-origen-sin-filtrar-300x300.webp 300w, https:\/\/fincaduernas.com\/wp-content\/uploads\/2023\/04\/duernas-origen-sin-filtrar-1024x1024.webp 1024w, https:\/\/fincaduernas.com\/wp-content\/uploads\/2023\/04\/duernas-origen-sin-filtrar-150x150.webp 150w, https:\/\/fincaduernas.com\/wp-content\/uploads\/2023\/04\/duernas-origen-sin-filtrar-768x768.webp 768w, https:\/\/fincaduernas.com\/wp-content\/uploads\/2023\/04\/duernas-origen-sin-filtrar-600x600.webp 600w, https:\/\/fincaduernas.com\/wp-content\/uploads\/2023\/04\/duernas-origen-sin-filtrar-100x100.webp 100w\" sizes=\"(max-width: 1500px) 100vw, 1500px\" \/>\t\t\t\t\t\t\t\t\t\t\t\t\t\t\t<\/div>\n\t\t\t\t<\/div>\n\t\t\t\t<div class=\"elementor-element elementor-element-57333e5 elementor-align-center elementor-widget elementor-widget-button\" data-id=\"57333e5\" data-element_type=\"widget\" data-e-type=\"widget\" data-widget_type=\"button.default\">\n\t\t\t\t<div class=\"elementor-widget-container\">\n\t\t\t\t\t\t\t\t\t<div class=\"elementor-button-wrapper\">\n\t\t\t\t\t<a class=\"elementor-button elementor-button-link elementor-size-sm\" href=\"#\">\n\t\t\t\t\t\t<span class=\"elementor-button-content-wrapper\">\n\t\t\t\t\t\t\t\t\t<span class=\"elementor-button-text\">Coming soon<\/span>\n\t\t\t\t\t<\/span>\n\t\t\t\t\t<\/a>\n\t\t\t\t<\/div>\n\t\t\t\t\t\t\t\t<\/div>\n\t\t\t\t<\/div>\n\t\t\t\t<\/div>\n\t\t<div class=\"elementor-element elementor-element-38d8a882 e-con-full e-flex e-con e-child\" data-id=\"38d8a882\" data-element_type=\"container\" data-e-type=\"container\">\n\t\t\t\t<div class=\"elementor-element elementor-element-268afae elementor-widget elementor-widget-heading\" data-id=\"268afae\" data-element_type=\"widget\" data-e-type=\"widget\" data-widget_type=\"heading.default\">\n\t\t\t\t<div class=\"elementor-widget-container\">\n\t\t\t\t\t<h2 class=\"elementor-heading-title elementor-size-default translation-block\">Extra Virgin Olive Oil - <strong> Unfiltered<\/h2>\t\t\t\t<\/div>\n\t\t\t\t<\/div>\n\t\t\t\t<div class=\"elementor-element elementor-element-688501f7 elementor-widget elementor-widget-text-editor\" data-id=\"688501f7\" data-element_type=\"widget\" data-e-type=\"widget\" data-widget_type=\"text-editor.default\">\n\t\t\t\t<div class=\"elementor-widget-container\">\n\t\t\t\t\t\t\t\t\t<p>Duernas Origen is a coupage of the best extra virgin organic olive oil because in Duernas we live as if tomorrow would be the last of our days but we look after the land as if we would have an eternal life.<\/p><p>With the edition of Duernas Origen, we want to be transported to the Roman groves were the fresh green grass covers the soil, and the fauna provides that balance that Nature needs, so that humans don\u2019t intervene in the cycle excessively.<\/p><p>It is a limited edition, because it is a raw olive juice coming directly from the pressed olives and thus, it is very a delicate one.<\/p><p>The best before date is no longer than 6 months and during this time, the rests of pulp and skin may decant on the bottom of the bottle. This very sensitive juice should always be used at room temperature.<\/p>\t\t\t\t\t\t\t\t<\/div>\n\t\t\t\t<\/div>\n\t\t\t\t<\/div>\n\t\t\t\t\t<\/div>\n\t\t\t\t<\/div>\n\t\t\t\t<\/div>\n\t\t\t\t<\/div>\n\t\t<div class=\"elementor-element elementor-element-e8b102b e-con-full e-flex e-con e-parent\" data-id=\"e8b102b\" data-element_type=\"container\" data-e-type=\"container\" data-settings=\"{&quot;background_background&quot;:&quot;classic&quot;,&quot;background_motion_fx_motion_fx_scrolling&quot;:&quot;yes&quot;,&quot;background_motion_fx_translateY_effect&quot;:&quot;yes&quot;,&quot;background_motion_fx_translateY_speed&quot;:{&quot;unit&quot;:&quot;px&quot;,&quot;size&quot;:4,&quot;sizes&quot;:[]},&quot;background_motion_fx_translateY_affectedRange&quot;:{&quot;unit&quot;:&quot;%&quot;,&quot;size&quot;:&quot;&quot;,&quot;sizes&quot;:{&quot;start&quot;:0,&quot;end&quot;:100}},&quot;background_motion_fx_devices&quot;:[&quot;desktop&quot;,&quot;tablet&quot;,&quot;mobile&quot;]}\">\n\t\t<div class=\"elementor-element elementor-element-9b74360 e-con-full e-flex e-con e-child\" data-id=\"9b74360\" data-element_type=\"container\" data-e-type=\"container\" data-settings=\"{&quot;background_background&quot;:&quot;classic&quot;}\">\n\t\t<div class=\"elementor-element elementor-element-9740b1c e-flex e-con-boxed e-con e-child\" data-id=\"9740b1c\" data-element_type=\"container\" data-e-type=\"container\">\n\t\t\t\t\t<div class=\"e-con-inner\">\n\t\t<div class=\"elementor-element elementor-element-37e0531 e-con-full e-flex e-con e-child\" data-id=\"37e0531\" data-element_type=\"container\" data-e-type=\"container\">\n\t\t\t\t<div class=\"elementor-element elementor-element-2a25c57 elementor-widget__width-initial elementor-invisible elementor-widget elementor-widget-image\" data-id=\"2a25c57\" data-element_type=\"widget\" data-e-type=\"widget\" data-settings=\"{&quot;_animation&quot;:&quot;fadeInUp&quot;}\" data-widget_type=\"image.default\">\n\t\t\t\t<div class=\"elementor-widget-container\">\n\t\t\t\t\t\t\t\t\t\t\t\t\t\t\t<img loading=\"lazy\" decoding=\"async\" width=\"1500\" height=\"1500\" src=\"https:\/\/fincaduernas.com\/wp-content\/uploads\/2023\/05\/duernas-origen-ecologico.webp\" class=\"attachment-full size-full wp-image-2644\" alt=\"\" srcset=\"https:\/\/fincaduernas.com\/wp-content\/uploads\/2023\/05\/duernas-origen-ecologico.webp 1500w, https:\/\/fincaduernas.com\/wp-content\/uploads\/2023\/05\/duernas-origen-ecologico-300x300.webp 300w, https:\/\/fincaduernas.com\/wp-content\/uploads\/2023\/05\/duernas-origen-ecologico-1024x1024.webp 1024w, https:\/\/fincaduernas.com\/wp-content\/uploads\/2023\/05\/duernas-origen-ecologico-150x150.webp 150w, https:\/\/fincaduernas.com\/wp-content\/uploads\/2023\/05\/duernas-origen-ecologico-768x768.webp 768w, https:\/\/fincaduernas.com\/wp-content\/uploads\/2023\/05\/duernas-origen-ecologico-12x12.webp 12w, https:\/\/fincaduernas.com\/wp-content\/uploads\/2023\/05\/duernas-origen-ecologico-600x600.webp 600w, https:\/\/fincaduernas.com\/wp-content\/uploads\/2023\/05\/duernas-origen-ecologico-100x100.webp 100w\" sizes=\"(max-width: 1500px) 100vw, 1500px\" \/>\t\t\t\t\t\t\t\t\t\t\t\t\t\t\t<\/div>\n\t\t\t\t<\/div>\n\t\t\t\t<div class=\"elementor-element elementor-element-735c588 elementor-align-center elementor-widget elementor-widget-button\" data-id=\"735c588\" data-element_type=\"widget\" data-e-type=\"widget\" data-widget_type=\"button.default\">\n\t\t\t\t<div class=\"elementor-widget-container\">\n\t\t\t\t\t\t\t\t\t<div class=\"elementor-button-wrapper\">\n\t\t\t\t\t<a class=\"elementor-button elementor-button-link elementor-size-sm\" href=\"#\">\n\t\t\t\t\t\t<span class=\"elementor-button-content-wrapper\">\n\t\t\t\t\t\t\t\t\t<span class=\"elementor-button-text\">Coming soon<\/span>\n\t\t\t\t\t<\/span>\n\t\t\t\t\t<\/a>\n\t\t\t\t<\/div>\n\t\t\t\t\t\t\t\t<\/div>\n\t\t\t\t<\/div>\n\t\t\t\t<\/div>\n\t\t<div class=\"elementor-element elementor-element-82e78da e-con-full e-flex e-con e-child\" data-id=\"82e78da\" data-element_type=\"container\" data-e-type=\"container\">\n\t\t\t\t<div class=\"elementor-element elementor-element-87c5ae0 elementor-widget elementor-widget-heading\" data-id=\"87c5ae0\" data-element_type=\"widget\" data-e-type=\"widget\" data-widget_type=\"heading.default\">\n\t\t\t\t<div class=\"elementor-widget-container\">\n\t\t\t\t\t<h2 class=\"elementor-heading-title elementor-size-default\">El  Origen del Aceite de Oliva Virgen Extra - \nun Coupage ecol\u00f3gico<\/h2>\t\t\t\t<\/div>\n\t\t\t\t<\/div>\n\t\t\t\t<div class=\"elementor-element elementor-element-ca4f74a elementor-widget elementor-widget-text-editor\" data-id=\"ca4f74a\" data-element_type=\"widget\" data-e-type=\"widget\" data-widget_type=\"text-editor.default\">\n\t\t\t\t<div class=\"elementor-widget-container\">\n\t\t\t\t\t\t\t\t\t<p>Duernas Origen is an organic, arbequino &amp; picual coupage<\/p>\n<p>To make Duernas origen we selected that crucial moment during the ripening of the fruit known as the \u201cenvero\u201d, representing the most picturesque phase of transformation in the olive grove. It is when the olive turns from green to purple, unveiling the power of its aroma and flavour, as well as its nutritional properties. It comes from the Latin in-variare, at the moment of change, and was considered to be the best oil the tree could offer, way back from its origin, during the time of the Roman Empire.<\/p>\n<p>Es un virgen extra complejo, equilibrado en boca, con notas de pl\u00e1tano y tomate, dejando en el retrogusto, unas notas picantes, debido a su alta concentraci\u00f3n de antioxidantes naturales.<\/p>\t\t\t\t\t\t\t\t<\/div>\n\t\t\t\t<\/div>\n\t\t\t\t<\/div>\n\t\t\t\t\t<\/div>\n\t\t\t\t<\/div>\n\t\t\t\t<\/div>\n\t\t\t\t<\/div>\n\t\t<div class=\"elementor-element elementor-element-a5c84b6 e-con-full e-flex e-con e-parent\" data-id=\"a5c84b6\" data-element_type=\"container\" data-e-type=\"container\" data-settings=\"{&quot;background_background&quot;:&quot;classic&quot;,&quot;background_motion_fx_motion_fx_scrolling&quot;:&quot;yes&quot;,&quot;background_motion_fx_translateY_effect&quot;:&quot;yes&quot;,&quot;background_motion_fx_translateY_speed&quot;:{&quot;unit&quot;:&quot;px&quot;,&quot;size&quot;:4,&quot;sizes&quot;:[]},&quot;background_motion_fx_translateY_affectedRange&quot;:{&quot;unit&quot;:&quot;%&quot;,&quot;size&quot;:&quot;&quot;,&quot;sizes&quot;:{&quot;start&quot;:0,&quot;end&quot;:100}},&quot;background_motion_fx_devices&quot;:[&quot;desktop&quot;,&quot;tablet&quot;,&quot;mobile&quot;]}\">\n\t\t<div class=\"elementor-element elementor-element-c0e5565 e-con-full e-flex e-con e-child\" data-id=\"c0e5565\" data-element_type=\"container\" data-e-type=\"container\" data-settings=\"{&quot;background_background&quot;:&quot;classic&quot;}\">\n\t\t<div class=\"elementor-element elementor-element-eabbcc0 e-flex e-con-boxed e-con e-child\" data-id=\"eabbcc0\" data-element_type=\"container\" data-e-type=\"container\">\n\t\t\t\t\t<div class=\"e-con-inner\">\n\t\t<div class=\"elementor-element elementor-element-6cdbdf2 e-con-full e-flex e-con e-child\" data-id=\"6cdbdf2\" data-element_type=\"container\" data-e-type=\"container\">\n\t\t\t\t<div class=\"elementor-element elementor-element-8778fe0 elementor-widget__width-initial elementor-invisible elementor-widget elementor-widget-image\" data-id=\"8778fe0\" data-element_type=\"widget\" data-e-type=\"widget\" data-settings=\"{&quot;_animation&quot;:&quot;fadeInUp&quot;}\" data-widget_type=\"image.default\">\n\t\t\t\t<div class=\"elementor-widget-container\">\n\t\t\t\t\t\t\t\t\t\t\t\t\t\t\t<img loading=\"lazy\" decoding=\"async\" width=\"1500\" height=\"1500\" src=\"https:\/\/fincaduernas.com\/wp-content\/uploads\/2023\/05\/duernas-origen-sal.webp\" class=\"attachment-full size-full wp-image-2559\" alt=\"\" srcset=\"https:\/\/fincaduernas.com\/wp-content\/uploads\/2023\/05\/duernas-origen-sal.webp 1500w, https:\/\/fincaduernas.com\/wp-content\/uploads\/2023\/05\/duernas-origen-sal-300x300.webp 300w, https:\/\/fincaduernas.com\/wp-content\/uploads\/2023\/05\/duernas-origen-sal-1024x1024.webp 1024w, https:\/\/fincaduernas.com\/wp-content\/uploads\/2023\/05\/duernas-origen-sal-150x150.webp 150w, https:\/\/fincaduernas.com\/wp-content\/uploads\/2023\/05\/duernas-origen-sal-768x768.webp 768w, https:\/\/fincaduernas.com\/wp-content\/uploads\/2023\/05\/duernas-origen-sal-12x12.webp 12w, https:\/\/fincaduernas.com\/wp-content\/uploads\/2023\/05\/duernas-origen-sal-600x600.webp 600w, https:\/\/fincaduernas.com\/wp-content\/uploads\/2023\/05\/duernas-origen-sal-100x100.webp 100w\" sizes=\"(max-width: 1500px) 100vw, 1500px\" \/>\t\t\t\t\t\t\t\t\t\t\t\t\t\t\t<\/div>\n\t\t\t\t<\/div>\n\t\t\t\t<div class=\"elementor-element elementor-element-a7177f3 elementor-align-center elementor-widget elementor-widget-button\" data-id=\"a7177f3\" data-element_type=\"widget\" data-e-type=\"widget\" data-widget_type=\"button.default\">\n\t\t\t\t<div class=\"elementor-widget-container\">\n\t\t\t\t\t\t\t\t\t<div class=\"elementor-button-wrapper\">\n\t\t\t\t\t<a class=\"elementor-button elementor-button-link elementor-size-sm\" href=\"https:\/\/fincaduernas.com\/en\/product\/sal-marina-de-manantial-duernas-origen\">\n\t\t\t\t\t\t<span class=\"elementor-button-content-wrapper\">\n\t\t\t\t\t\t\t\t\t<span class=\"elementor-button-text\">buy<\/span>\n\t\t\t\t\t<\/span>\n\t\t\t\t\t<\/a>\n\t\t\t\t<\/div>\n\t\t\t\t\t\t\t\t<\/div>\n\t\t\t\t<\/div>\n\t\t\t\t<\/div>\n\t\t<div class=\"elementor-element elementor-element-1f80e71 e-con-full e-flex e-con e-child\" data-id=\"1f80e71\" data-element_type=\"container\" data-e-type=\"container\">\n\t\t\t\t<div class=\"elementor-element elementor-element-1d9fb8d elementor-widget elementor-widget-heading\" data-id=\"1d9fb8d\" data-element_type=\"widget\" data-e-type=\"widget\" data-widget_type=\"heading.default\">\n\t\t\t\t<div class=\"elementor-widget-container\">\n\t\t\t\t\t<h2 class=\"elementor-heading-title elementor-size-default\">Spring salt\n<\/h2>\t\t\t\t<\/div>\n\t\t\t\t<\/div>\n\t\t\t\t<div class=\"elementor-element elementor-element-9189ae0 elementor-widget__width-initial elementor-widget elementor-widget-text-editor\" data-id=\"9189ae0\" data-element_type=\"widget\" data-e-type=\"widget\" data-widget_type=\"text-editor.default\">\n\t\t\t\t<div class=\"elementor-widget-container\">\n\t\t\t\t\t\t\t\t\t<div class=\"wpb_text_column wpb_content_element\"><div class=\"wpb_wrapper\"><p>For centuries, the Spring Salt of Duernas has been the most important\nones of the whole Iberian Peninsula and they are considered to be a\nunique material and intangible human heritage in Europe.<\/p><p>Its origin was the sea that, 350 million years ago, refused to leave\nCordoba. eywere of an outstanding importance during the Roman\nEmpire and provided to the rest of the provinces.<\/p><p>The purity of the Spring Salt is the highest and it has a clear advantage\nin comparison to sea salt because spring salt is not impacted my\nmicroplastic pollution present in ocean water. It is considered unique\nand very rare because it bubbles naturally from the earth where it is\ncollected in pools where evaporation occurs.\ne sun and the wind help to create the mineral-rich salt crystal that\nit is carefully collected by hand\nFlower of Salt at its origin, retaining the health-promoting minerals\nNature provides such as like calcium, potassium, zinc, magnesium,\nvanadium, iodine, manganese, and iron as well as others.<\/p><\/div><\/div>\t\t\t\t\t\t\t\t<\/div>\n\t\t\t\t<\/div>\n\t\t\t\t<\/div>\n\t\t\t\t\t<\/div>\n\t\t\t\t<\/div>\n\t\t\t\t<\/div>\n\t\t\t\t<\/div>\n\t\t<div class=\"elementor-element elementor-element-d600ffe e-con-full e-flex e-con e-parent\" data-id=\"d600ffe\" data-element_type=\"container\" data-e-type=\"container\" data-settings=\"{&quot;background_background&quot;:&quot;classic&quot;,&quot;background_motion_fx_motion_fx_scrolling&quot;:&quot;yes&quot;,&quot;background_motion_fx_translateY_effect&quot;:&quot;yes&quot;,&quot;background_motion_fx_translateY_speed&quot;:{&quot;unit&quot;:&quot;px&quot;,&quot;size&quot;:4,&quot;sizes&quot;:[]},&quot;background_motion_fx_translateY_affectedRange&quot;:{&quot;unit&quot;:&quot;%&quot;,&quot;size&quot;:&quot;&quot;,&quot;sizes&quot;:{&quot;start&quot;:0,&quot;end&quot;:100}},&quot;background_motion_fx_devices&quot;:[&quot;desktop&quot;,&quot;tablet&quot;,&quot;mobile&quot;]}\">\n\t\t<div class=\"elementor-element elementor-element-1fb827c e-con-full e-flex e-con e-child\" data-id=\"1fb827c\" data-element_type=\"container\" data-e-type=\"container\" data-settings=\"{&quot;background_background&quot;:&quot;classic&quot;}\">\n\t\t<div class=\"elementor-element elementor-element-8a7c88b e-flex e-con-boxed e-con e-child\" data-id=\"8a7c88b\" data-element_type=\"container\" data-e-type=\"container\">\n\t\t\t\t\t<div class=\"e-con-inner\">\n\t\t<div class=\"elementor-element elementor-element-50df13b e-con-full e-flex e-con e-child\" data-id=\"50df13b\" data-element_type=\"container\" data-e-type=\"container\">\n\t\t\t\t<div class=\"elementor-element elementor-element-2897975 elementor-widget__width-initial elementor-invisible elementor-widget elementor-widget-image\" data-id=\"2897975\" data-element_type=\"widget\" data-e-type=\"widget\" data-settings=\"{&quot;_animation&quot;:&quot;fadeInUp&quot;}\" data-widget_type=\"image.default\">\n\t\t\t\t<div class=\"elementor-widget-container\">\n\t\t\t\t\t\t\t\t\t\t\t\t\t\t\t<img loading=\"lazy\" decoding=\"async\" width=\"1500\" height=\"1500\" src=\"https:\/\/fincaduernas.com\/wp-content\/uploads\/2023\/05\/duernas-origen-miel.webp\" class=\"attachment-full size-full wp-image-2562\" alt=\"\" srcset=\"https:\/\/fincaduernas.com\/wp-content\/uploads\/2023\/05\/duernas-origen-miel.webp 1500w, https:\/\/fincaduernas.com\/wp-content\/uploads\/2023\/05\/duernas-origen-miel-300x300.webp 300w, https:\/\/fincaduernas.com\/wp-content\/uploads\/2023\/05\/duernas-origen-miel-1024x1024.webp 1024w, https:\/\/fincaduernas.com\/wp-content\/uploads\/2023\/05\/duernas-origen-miel-150x150.webp 150w, https:\/\/fincaduernas.com\/wp-content\/uploads\/2023\/05\/duernas-origen-miel-768x768.webp 768w, https:\/\/fincaduernas.com\/wp-content\/uploads\/2023\/05\/duernas-origen-miel-12x12.webp 12w, https:\/\/fincaduernas.com\/wp-content\/uploads\/2023\/05\/duernas-origen-miel-600x600.webp 600w, https:\/\/fincaduernas.com\/wp-content\/uploads\/2023\/05\/duernas-origen-miel-100x100.webp 100w\" sizes=\"(max-width: 1500px) 100vw, 1500px\" \/>\t\t\t\t\t\t\t\t\t\t\t\t\t\t\t<\/div>\n\t\t\t\t<\/div>\n\t\t\t\t<div class=\"elementor-element elementor-element-bed96bf elementor-align-center elementor-widget elementor-widget-button\" data-id=\"bed96bf\" data-element_type=\"widget\" data-e-type=\"widget\" data-widget_type=\"button.default\">\n\t\t\t\t<div class=\"elementor-widget-container\">\n\t\t\t\t\t\t\t\t\t<div class=\"elementor-button-wrapper\">\n\t\t\t\t\t<a class=\"elementor-button elementor-button-link elementor-size-sm\" href=\"https:\/\/fincaduernas.com\/en\/product\/miel-duernas-origen\">\n\t\t\t\t\t\t<span class=\"elementor-button-content-wrapper\">\n\t\t\t\t\t\t\t\t\t<span class=\"elementor-button-text\">buy<\/span>\n\t\t\t\t\t<\/span>\n\t\t\t\t\t<\/a>\n\t\t\t\t<\/div>\n\t\t\t\t\t\t\t\t<\/div>\n\t\t\t\t<\/div>\n\t\t\t\t<\/div>\n\t\t<div class=\"elementor-element elementor-element-402750c e-con-full e-flex e-con e-child\" data-id=\"402750c\" data-element_type=\"container\" data-e-type=\"container\">\n\t\t\t\t<div class=\"elementor-element elementor-element-3d45d1c elementor-widget elementor-widget-heading\" data-id=\"3d45d1c\" data-element_type=\"widget\" data-e-type=\"widget\" data-widget_type=\"heading.default\">\n\t\t\t\t<div class=\"elementor-widget-container\">\n\t\t\t\t\t<h2 class=\"elementor-heading-title elementor-size-default translation-block\">Sunflower\nhoney<\/h2>\t\t\t\t<\/div>\n\t\t\t\t<\/div>\n\t\t\t\t<div class=\"elementor-element elementor-element-668e016 elementor-widget elementor-widget-text-editor\" data-id=\"668e016\" data-element_type=\"widget\" data-e-type=\"widget\" data-widget_type=\"text-editor.default\">\n\t\t\t\t<div class=\"elementor-widget-container\">\n\t\t\t\t\t\t\t\t\t<div class=\"wpb_text_column wpb_content_element\"><div class=\"wpb_wrapper\"><p>In spring Duernas is a riot of flowers, combining\nthe inflorescences of the olive tree and the\nsunflowers, which are traditionally planted on the\nplains of the finca.at is where the hives are\nlocated, and have been, year after year, for\ngenerations, so the bees can have their fill of the\nabundant pollen.e bees also assist the olive trees\nwith their productive duties, playing an active part\nin increasing the yield.<\/p><p>The wise beekeepers grant us with pots of\nrusset-coloured honey with delicate floral aromas,\ncaressing the palate softly. It is also replete with\ncountless nutritional benefits, as befits products\nwith a clearly natural origin.<\/p><\/div><\/div>\t\t\t\t\t\t\t\t<\/div>\n\t\t\t\t<\/div>\n\t\t\t\t<\/div>\n\t\t\t\t\t<\/div>\n\t\t\t\t<\/div>\n\t\t\t\t<\/div>\n\t\t\t\t<\/div>\n\t\t<div class=\"elementor-element elementor-element-696d749 e-con-full e-flex e-con e-parent\" data-id=\"696d749\" data-element_type=\"container\" data-e-type=\"container\" data-settings=\"{&quot;background_background&quot;:&quot;classic&quot;,&quot;background_motion_fx_motion_fx_scrolling&quot;:&quot;yes&quot;,&quot;background_motion_fx_translateY_effect&quot;:&quot;yes&quot;,&quot;background_motion_fx_translateY_speed&quot;:{&quot;unit&quot;:&quot;px&quot;,&quot;size&quot;:4,&quot;sizes&quot;:[]},&quot;background_motion_fx_translateY_affectedRange&quot;:{&quot;unit&quot;:&quot;%&quot;,&quot;size&quot;:&quot;&quot;,&quot;sizes&quot;:{&quot;start&quot;:0,&quot;end&quot;:100}},&quot;background_motion_fx_devices&quot;:[&quot;desktop&quot;,&quot;tablet&quot;,&quot;mobile&quot;]}\">\n\t\t<div class=\"elementor-element elementor-element-dfb9ee3 e-con-full e-flex e-con e-child\" data-id=\"dfb9ee3\" data-element_type=\"container\" data-e-type=\"container\" data-settings=\"{&quot;background_background&quot;:&quot;classic&quot;}\">\n\t\t<div class=\"elementor-element elementor-element-3c8aaa0 e-flex e-con-boxed e-con e-child\" data-id=\"3c8aaa0\" data-element_type=\"container\" data-e-type=\"container\">\n\t\t\t\t\t<div class=\"e-con-inner\">\n\t\t<div class=\"elementor-element elementor-element-5ee6944 e-con-full e-flex e-con e-child\" data-id=\"5ee6944\" data-element_type=\"container\" data-e-type=\"container\">\n\t\t\t\t<div class=\"elementor-element elementor-element-49510a8 elementor-widget__width-initial elementor-invisible elementor-widget elementor-widget-image\" data-id=\"49510a8\" data-element_type=\"widget\" data-e-type=\"widget\" data-settings=\"{&quot;_animation&quot;:&quot;fadeInUp&quot;}\" data-widget_type=\"image.default\">\n\t\t\t\t<div class=\"elementor-widget-container\">\n\t\t\t\t\t\t\t\t\t\t\t\t\t\t\t<img loading=\"lazy\" decoding=\"async\" width=\"1500\" height=\"1500\" src=\"https:\/\/fincaduernas.com\/wp-content\/uploads\/2023\/05\/duernas-origen-almendras.webp\" class=\"attachment-full size-full wp-image-2640\" alt=\"\" srcset=\"https:\/\/fincaduernas.com\/wp-content\/uploads\/2023\/05\/duernas-origen-almendras.webp 1500w, https:\/\/fincaduernas.com\/wp-content\/uploads\/2023\/05\/duernas-origen-almendras-300x300.webp 300w, https:\/\/fincaduernas.com\/wp-content\/uploads\/2023\/05\/duernas-origen-almendras-1024x1024.webp 1024w, https:\/\/fincaduernas.com\/wp-content\/uploads\/2023\/05\/duernas-origen-almendras-150x150.webp 150w, https:\/\/fincaduernas.com\/wp-content\/uploads\/2023\/05\/duernas-origen-almendras-768x768.webp 768w, https:\/\/fincaduernas.com\/wp-content\/uploads\/2023\/05\/duernas-origen-almendras-12x12.webp 12w, https:\/\/fincaduernas.com\/wp-content\/uploads\/2023\/05\/duernas-origen-almendras-600x600.webp 600w, https:\/\/fincaduernas.com\/wp-content\/uploads\/2023\/05\/duernas-origen-almendras-100x100.webp 100w\" sizes=\"(max-width: 1500px) 100vw, 1500px\" \/>\t\t\t\t\t\t\t\t\t\t\t\t\t\t\t<\/div>\n\t\t\t\t<\/div>\n\t\t<div class=\"elementor-element elementor-element-e490530 e-flex e-con-boxed e-con e-child\" data-id=\"e490530\" data-element_type=\"container\" data-e-type=\"container\">\n\t\t\t\t\t<div class=\"e-con-inner\">\n\t\t\t\t<div class=\"elementor-element elementor-element-0303590 elementor-align-center elementor-widget elementor-widget-button\" data-id=\"0303590\" data-element_type=\"widget\" data-e-type=\"widget\" data-widget_type=\"button.default\">\n\t\t\t\t<div class=\"elementor-widget-container\">\n\t\t\t\t\t\t\t\t\t<div class=\"elementor-button-wrapper\">\n\t\t\t\t\t<a class=\"elementor-button elementor-button-link elementor-size-sm\" href=\"https:\/\/fincaduernas.com\/en\/product\/almendra-espanola-tostada-duernas-origen\">\n\t\t\t\t\t\t<span class=\"elementor-button-content-wrapper\">\n\t\t\t\t\t\t\t\t\t<span class=\"elementor-button-text\">buy<\/span>\n\t\t\t\t\t<\/span>\n\t\t\t\t\t<\/a>\n\t\t\t\t<\/div>\n\t\t\t\t\t\t\t\t<\/div>\n\t\t\t\t<\/div>\n\t\t\t\t<div class=\"elementor-element elementor-element-5a0445e elementor-align-center elementor-widget elementor-widget-button\" data-id=\"5a0445e\" data-element_type=\"widget\" data-e-type=\"widget\" data-widget_type=\"button.default\">\n\t\t\t\t<div class=\"elementor-widget-container\">\n\t\t\t\t\t\t\t\t\t<div class=\"elementor-button-wrapper\">\n\t\t\t\t\t<a class=\"elementor-button elementor-button-link elementor-size-sm\" href=\"https:\/\/fincaduernas.com\/en\/product\/almendra-espanola-frita-con-sal-duernas-origen\">\n\t\t\t\t\t\t<span class=\"elementor-button-content-wrapper\">\n\t\t\t\t\t\t\t\t\t<span class=\"elementor-button-text\">buy<\/span>\n\t\t\t\t\t<\/span>\n\t\t\t\t\t<\/a>\n\t\t\t\t<\/div>\n\t\t\t\t\t\t\t\t<\/div>\n\t\t\t\t<\/div>\n\t\t\t\t\t<\/div>\n\t\t\t\t<\/div>\n\t\t\t\t<\/div>\n\t\t<div class=\"elementor-element elementor-element-e351cb1 e-con-full e-flex e-con e-child\" data-id=\"e351cb1\" data-element_type=\"container\" data-e-type=\"container\">\n\t\t\t\t<div class=\"elementor-element elementor-element-8cc0069 elementor-widget elementor-widget-heading\" data-id=\"8cc0069\" data-element_type=\"widget\" data-e-type=\"widget\" data-widget_type=\"heading.default\">\n\t\t\t\t<div class=\"elementor-widget-container\">\n\t\t\t\t\t<h2 class=\"elementor-heading-title elementor-size-default\">Spanish<br>\nalmond<\/h2>\t\t\t\t<\/div>\n\t\t\t\t<\/div>\n\t\t\t\t<div class=\"elementor-element elementor-element-13828a7 elementor-widget elementor-widget-text-editor\" data-id=\"13828a7\" data-element_type=\"widget\" data-e-type=\"widget\" data-widget_type=\"text-editor.default\">\n\t\t\t\t<div class=\"elementor-widget-container\">\n\t\t\t\t\t\t\t\t\t<div class=\"wpb_text_column wpb_content_element\"><div class=\"wpb_wrapper\"><p>History relates that it was the love of a caliph \u2013 Abd\nal-Rahman III- for his wife Azahara that first brought\nalmond trees to Cordoba. Azahara was from Granada\nand pined for the sight of snow on the mountain peaks\nof her native land. e caliph ordered almond trees to\nbe planted in the palace gardens, so their dazzling\nwhite blossoms would remind Azahara of home and\nease her sadness.<\/p><p>The cordobese countryside is ideally suited to growing\nboth olive and almond trees and the crucial role played\nby our collaborators, bees, over the centuries, in\nincreasing production, is more than evident.\nDuernas\u2019 Spanish almonds have a delicious sweet taste\nand as any natural product at its origin whole host of\nnutritional benefits such as essential fatty acids,\nvitamins, proteins and fiber.<\/p><\/div><\/div>\t\t\t\t\t\t\t\t<\/div>\n\t\t\t\t<\/div>\n\t\t\t\t<\/div>\n\t\t\t\t\t<\/div>\n\t\t\t\t<\/div>\n\t\t\t\t<\/div>\n\t\t\t\t<\/div>\n\t\t\t\t<\/div>","protected":false},"excerpt":{"rendered":"<p>Finca Duernas celebra nuestra historia milenaria, mosaico de diferentes culturas, con la creaci\u00f3n de Duernas Origen: productos que nos da la tierra y que han sido la base de nuestra gastronom\u00eda, a lo largo de nuestra historia. Aut\u00e9nticos regalos de la Naturaleza. Directamente de la Finca a su mesa, compartimos productos naturales que componen la [&hellip;]<\/p>","protected":false},"author":1,"featured_media":0,"parent":0,"menu_order":0,"comment_status":"closed","ping_status":"closed","template":"","meta":{"footnotes":""},"class_list":["post-2372","page","type-page","status-publish","hentry"],"yoast_head":"<!-- This site is optimized with the Yoast SEO plugin v26.9 - https:\/\/yoast.com\/product\/yoast-seo-wordpress\/ -->\n<title>Duernas Origen - Finca Duernas<\/title>\n<meta name=\"robots\" content=\"index, follow, max-snippet:-1, max-image-preview:large, max-video-preview:-1\" \/>\n<link rel=\"canonical\" href=\"https:\/\/fincaduernas.com\/en\/duernas-origen\/\" \/>\n<meta property=\"og:locale\" content=\"en_GB\" \/>\n<meta property=\"og:type\" content=\"article\" \/>\n<meta property=\"og:title\" content=\"Duernas Origen - Finca Duernas\" \/>\n<meta property=\"og:description\" content=\"Finca Duernas celebra nuestra historia milenaria, mosaico de diferentes culturas, con la creaci\u00f3n de Duernas Origen: productos que nos da la tierra y que han sido la base de nuestra gastronom\u00eda, a lo largo de nuestra historia. Aut\u00e9nticos regalos de la Naturaleza. Directamente de la Finca a su mesa, compartimos productos naturales que componen la [&hellip;]\" \/>\n<meta property=\"og:url\" content=\"https:\/\/fincaduernas.com\/en\/duernas-origen\/\" \/>\n<meta property=\"og:site_name\" content=\"Finca Duernas\" \/>\n<meta property=\"article:modified_time\" content=\"2024-02-23T10:23:44+00:00\" \/>\n<meta property=\"og:image\" content=\"https:\/\/fincaduernas.com\/wp-content\/uploads\/2021\/03\/oliva-adorno.png\" \/>\n<meta name=\"twitter:card\" content=\"summary_large_image\" \/>\n<meta name=\"twitter:label1\" content=\"Estimated reading time\" \/>\n\t<meta name=\"twitter:data1\" content=\"5 minutes\" \/>\n<script type=\"application\/ld+json\" class=\"yoast-schema-graph\">{\"@context\":\"https:\/\/schema.org\",\"@graph\":[{\"@type\":\"WebPage\",\"@id\":\"https:\/\/fincaduernas.com\/duernas-origen\",\"url\":\"https:\/\/fincaduernas.com\/duernas-origen\",\"name\":\"Duernas Origen - Finca Duernas\",\"isPartOf\":{\"@id\":\"https:\/\/fincaduernas.com\/#website\"},\"primaryImageOfPage\":{\"@id\":\"https:\/\/fincaduernas.com\/duernas-origen#primaryimage\"},\"image\":{\"@id\":\"https:\/\/fincaduernas.com\/duernas-origen#primaryimage\"},\"thumbnailUrl\":\"https:\/\/fincaduernas.com\/wp-content\/uploads\/2021\/03\/oliva-adorno.png\",\"datePublished\":\"2023-05-10T17:08:31+00:00\",\"dateModified\":\"2024-02-23T10:23:44+00:00\",\"breadcrumb\":{\"@id\":\"https:\/\/fincaduernas.com\/duernas-origen#breadcrumb\"},\"inLanguage\":\"en-GB\",\"potentialAction\":[{\"@type\":\"ReadAction\",\"target\":[\"https:\/\/fincaduernas.com\/duernas-origen\"]}]},{\"@type\":\"ImageObject\",\"inLanguage\":\"en-GB\",\"@id\":\"https:\/\/fincaduernas.com\/duernas-origen#primaryimage\",\"url\":\"https:\/\/fincaduernas.com\/wp-content\/uploads\/2021\/03\/oliva-adorno.png\",\"contentUrl\":\"https:\/\/fincaduernas.com\/wp-content\/uploads\/2021\/03\/oliva-adorno.png\"},{\"@type\":\"BreadcrumbList\",\"@id\":\"https:\/\/fincaduernas.com\/duernas-origen#breadcrumb\",\"itemListElement\":[{\"@type\":\"ListItem\",\"position\":1,\"name\":\"Portada\",\"item\":\"https:\/\/fincaduernas.com\/\"},{\"@type\":\"ListItem\",\"position\":2,\"name\":\"Duernas Origen\"}]},{\"@type\":\"WebSite\",\"@id\":\"https:\/\/fincaduernas.com\/#website\",\"url\":\"https:\/\/fincaduernas.com\/\",\"name\":\"Finca Duernas\",\"description\":\"Aceite de Oliva Virgen Extra\",\"publisher\":{\"@id\":\"https:\/\/fincaduernas.com\/#organization\"},\"potentialAction\":[{\"@type\":\"SearchAction\",\"target\":{\"@type\":\"EntryPoint\",\"urlTemplate\":\"https:\/\/fincaduernas.com\/?s={search_term_string}\"},\"query-input\":{\"@type\":\"PropertyValueSpecification\",\"valueRequired\":true,\"valueName\":\"search_term_string\"}}],\"inLanguage\":\"en-GB\"},{\"@type\":\"Organization\",\"@id\":\"https:\/\/fincaduernas.com\/#organization\",\"name\":\"Finca Duernas\",\"url\":\"https:\/\/fincaduernas.com\/\",\"logo\":{\"@type\":\"ImageObject\",\"inLanguage\":\"en-GB\",\"@id\":\"https:\/\/fincaduernas.com\/#\/schema\/logo\/image\/\",\"url\":\"https:\/\/fincaduernas.com\/wp-content\/uploads\/2022\/09\/finca-duernas-logo.svg\",\"contentUrl\":\"https:\/\/fincaduernas.com\/wp-content\/uploads\/2022\/09\/finca-duernas-logo.svg\",\"width\":123,\"height\":31,\"caption\":\"Finca Duernas\"},\"image\":{\"@id\":\"https:\/\/fincaduernas.com\/#\/schema\/logo\/image\/\"}}]}<\/script>\n<!-- \/ Yoast SEO plugin. -->","yoast_head_json":{"title":"Duernas Origen - Finca Duernas","robots":{"index":"index","follow":"follow","max-snippet":"max-snippet:-1","max-image-preview":"max-image-preview:large","max-video-preview":"max-video-preview:-1"},"canonical":"https:\/\/fincaduernas.com\/en\/duernas-origen\/","og_locale":"en_GB","og_type":"article","og_title":"Duernas Origen - Finca Duernas","og_description":"Finca Duernas celebra nuestra historia milenaria, mosaico de diferentes culturas, con la creaci\u00f3n de Duernas Origen: productos que nos da la tierra y que han sido la base de nuestra gastronom\u00eda, a lo largo de nuestra historia. Aut\u00e9nticos regalos de la Naturaleza. Directamente de la Finca a su mesa, compartimos productos naturales que componen la [&hellip;]","og_url":"https:\/\/fincaduernas.com\/en\/duernas-origen\/","og_site_name":"Finca Duernas","article_modified_time":"2024-02-23T10:23:44+00:00","og_image":[{"url":"https:\/\/fincaduernas.com\/wp-content\/uploads\/2021\/03\/oliva-adorno.png","type":"","width":"","height":""}],"twitter_card":"summary_large_image","twitter_misc":{"Estimated reading time":"5 minutes"},"schema":{"@context":"https:\/\/schema.org","@graph":[{"@type":"WebPage","@id":"https:\/\/fincaduernas.com\/duernas-origen","url":"https:\/\/fincaduernas.com\/duernas-origen","name":"Duernas Origen - Finca Duernas","isPartOf":{"@id":"https:\/\/fincaduernas.com\/#website"},"primaryImageOfPage":{"@id":"https:\/\/fincaduernas.com\/duernas-origen#primaryimage"},"image":{"@id":"https:\/\/fincaduernas.com\/duernas-origen#primaryimage"},"thumbnailUrl":"https:\/\/fincaduernas.com\/wp-content\/uploads\/2021\/03\/oliva-adorno.png","datePublished":"2023-05-10T17:08:31+00:00","dateModified":"2024-02-23T10:23:44+00:00","breadcrumb":{"@id":"https:\/\/fincaduernas.com\/duernas-origen#breadcrumb"},"inLanguage":"en-GB","potentialAction":[{"@type":"ReadAction","target":["https:\/\/fincaduernas.com\/duernas-origen"]}]},{"@type":"ImageObject","inLanguage":"en-GB","@id":"https:\/\/fincaduernas.com\/duernas-origen#primaryimage","url":"https:\/\/fincaduernas.com\/wp-content\/uploads\/2021\/03\/oliva-adorno.png","contentUrl":"https:\/\/fincaduernas.com\/wp-content\/uploads\/2021\/03\/oliva-adorno.png"},{"@type":"BreadcrumbList","@id":"https:\/\/fincaduernas.com\/duernas-origen#breadcrumb","itemListElement":[{"@type":"ListItem","position":1,"name":"Portada","item":"https:\/\/fincaduernas.com\/"},{"@type":"ListItem","position":2,"name":"Duernas Origen"}]},{"@type":"WebSite","@id":"https:\/\/fincaduernas.com\/#website","url":"https:\/\/fincaduernas.com\/","name":"Finca Duernas","description":"Aceite de Oliva Virgen Extra","publisher":{"@id":"https:\/\/fincaduernas.com\/#organization"},"potentialAction":[{"@type":"SearchAction","target":{"@type":"EntryPoint","urlTemplate":"https:\/\/fincaduernas.com\/?s={search_term_string}"},"query-input":{"@type":"PropertyValueSpecification","valueRequired":true,"valueName":"search_term_string"}}],"inLanguage":"en-GB"},{"@type":"Organization","@id":"https:\/\/fincaduernas.com\/#organization","name":"Finca Duernas","url":"https:\/\/fincaduernas.com\/","logo":{"@type":"ImageObject","inLanguage":"en-GB","@id":"https:\/\/fincaduernas.com\/#\/schema\/logo\/image\/","url":"https:\/\/fincaduernas.com\/wp-content\/uploads\/2022\/09\/finca-duernas-logo.svg","contentUrl":"https:\/\/fincaduernas.com\/wp-content\/uploads\/2022\/09\/finca-duernas-logo.svg","width":123,"height":31,"caption":"Finca Duernas"},"image":{"@id":"https:\/\/fincaduernas.com\/#\/schema\/logo\/image\/"}}]}},"_links":{"self":[{"href":"https:\/\/fincaduernas.com\/en\/wp-json\/wp\/v2\/pages\/2372","targetHints":{"allow":["GET"]}}],"collection":[{"href":"https:\/\/fincaduernas.com\/en\/wp-json\/wp\/v2\/pages"}],"about":[{"href":"https:\/\/fincaduernas.com\/en\/wp-json\/wp\/v2\/types\/page"}],"author":[{"embeddable":true,"href":"https:\/\/fincaduernas.com\/en\/wp-json\/wp\/v2\/users\/1"}],"replies":[{"embeddable":true,"href":"https:\/\/fincaduernas.com\/en\/wp-json\/wp\/v2\/comments?post=2372"}],"version-history":[{"count":67,"href":"https:\/\/fincaduernas.com\/en\/wp-json\/wp\/v2\/pages\/2372\/revisions"}],"predecessor-version":[{"id":3092,"href":"https:\/\/fincaduernas.com\/en\/wp-json\/wp\/v2\/pages\/2372\/revisions\/3092"}],"wp:attachment":[{"href":"https:\/\/fincaduernas.com\/en\/wp-json\/wp\/v2\/media?parent=2372"}],"curies":[{"name":"wp","href":"https:\/\/api.w.org\/{rel}","templated":true}]}}